{"id":15748,"date":"2019-08-01T13:37:08","date_gmt":"2019-08-01T11:37:08","guid":{"rendered":"http:\/\/www.elmundodelosasi.org\/fuera-de-cobertura-pederastia-la-lacra-silenciada\/"},"modified":"2019-08-01T14:30:31","modified_gmt":"2019-08-01T12:30:31","slug":"fuera-de-cobertura-pederastia-la-lacra-silenciada","status":"publish","type":"page","link":"https:\/\/www.elmundodelosasi.org\/ca\/audiovisual\/fuera-de-cobertura-pederastia-la-lacra-silenciada\/","title":{"rendered":"Fuera de cobertura | Pederastia, la lacra silenciada"},"content":{"rendered":"\n<p>Entrevista a la nostra coordinadora, supervivent i <em>artivista<\/em>, Sara Berga, on ensenya la seva  obra art\u00edstica com via de sanaci\u00f3 per a superar la seva viv\u00e8ncia <\/p>\n\n\n\n<hr class=\"wp-block-separator\"\/>\n\n\n\n<iframe width=\"700\" height=\"515\" src=\"https:\/\/www.youtube.com\/embed\/uFt8PH4rFPI\" frameborder=\"0\" allow=\"accelerometer; autoplay; encrypted-media; gyroscope; picture-in-picture\" allowfullscreen=\"\"><\/iframe>\n\n\n\n<p><\/p>\n","protected":false},"excerpt":{"rendered":"<p>Entrevista a la nostra coordinadora, supervivent i artivista, Sara Berga, on ensenya la seva obra art\u00edstica com via de sanaci\u00f3 per a superar la seva viv\u00e8ncia<\/p>\n","protected":false},"author":15,"featured_media":15746,"parent":15324,"menu_order":5,"comment_status":"closed","ping_status":"closed","template":"","meta":{"_mi_skip_tracking":false,"_monsterinsights_sitenote_active":false,"_monsterinsights_sitenote_note":"","_monsterinsights_sitenote_category":0},"acf":[],"yoast_head":"<!-- This site is optimized with the Yoast SEO Premium plugin v18.1 (Yoast SEO v18.3) - https:\/\/yoast.com\/wordpress\/plugins\/seo\/ -->\n<title>Fuera de cobertura | Pederastia, la lacra silenciada | El Mundo de los ASI<\/title>\n<meta name=\"robots\" content=\"index, follow, max-snippet:-1, max-image-preview:large, max-video-preview:-1\" \/>\n<link rel=\"canonical\" href=\"https:\/\/www.elmundodelosasi.org\/ca\/audiovisual\/fuera-de-cobertura-pederastia-la-lacra-silenciada\/\" \/>\n<meta property=\"og:locale\" content=\"ca_ES\" \/>\n<meta property=\"og:type\" content=\"article\" \/>\n<meta property=\"og:title\" content=\"Fuera de cobertura | Pederastia, la lacra silenciada\" \/>\n<meta property=\"og:description\" content=\"Entrevista a la nostra coordinadora, supervivent i artivista, Sara Berga, on ensenya la seva obra art\u00edstica com via de sanaci\u00f3 per a superar la seva viv\u00e8ncia\" \/>\n<meta property=\"og:url\" content=\"https:\/\/www.elmundodelosasi.org\/ca\/audiovisual\/fuera-de-cobertura-pederastia-la-lacra-silenciada\/\" \/>\n<meta property=\"og:site_name\" content=\"El Mundo de los ASI\" \/>\n<meta property=\"article:publisher\" content=\"https:\/\/www.facebook.com\/ElMundodelosASI\" \/>\n<meta property=\"article:modified_time\" content=\"2019-08-01T12:30:31+00:00\" \/>\n<meta property=\"og:image\" content=\"https:\/\/www.elmundodelosasi.org\/wp-content\/uploads\/2019\/08\/Sara-Berga-a-Cuatro.png\" \/>\n\t<meta property=\"og:image:width\" content=\"1590\" \/>\n\t<meta property=\"og:image:height\" content=\"895\" \/>\n\t<meta property=\"og:image:type\" content=\"image\/png\" \/>\n<meta name=\"twitter:card\" content=\"summary_large_image\" \/>\n<meta name=\"twitter:site\" content=\"@MundodelosASI\" \/>\n<script type=\"application\/ld+json\" class=\"yoast-schema-graph\">{\"@context\":\"https:\/\/schema.org\",\"@graph\":[{\"@type\":\"Organization\",\"@id\":\"https:\/\/www.elmundodelosasi.org\/ca\/#organization\",\"name\":\"Associaci\u00f3 El Mundo de los ASI\",\"url\":\"https:\/\/www.elmundodelosasi.org\/ca\/\",\"sameAs\":[\"https:\/\/www.facebook.com\/ElMundodelosASI\",\"https:\/\/www.instagram.com\/elmundodelosasi\/\",\"https:\/\/www.youtube.com\/channel\/UCS9Y2NkK7MdqcAwUSTQ5I7w\",\"https:\/\/twitter.com\/MundodelosASI\"],\"logo\":{\"@type\":\"ImageObject\",\"@id\":\"https:\/\/www.elmundodelosasi.org\/ca\/#logo\",\"inLanguage\":\"ca\",\"url\":\"https:\/\/www.elmundodelosasi.org\/wp-content\/uploads\/2020\/11\/Logo-Nom-horitzontal-fons-blanc.png\",\"contentUrl\":\"https:\/\/www.elmundodelosasi.org\/wp-content\/uploads\/2020\/11\/Logo-Nom-horitzontal-fons-blanc.png\",\"width\":954,\"height\":288,\"caption\":\"Associaci\u00f3 El Mundo de los ASI\"},\"image\":{\"@id\":\"https:\/\/www.elmundodelosasi.org\/ca\/#logo\"}},{\"@type\":\"WebSite\",\"@id\":\"https:\/\/www.elmundodelosasi.org\/ca\/#website\",\"url\":\"https:\/\/www.elmundodelosasi.org\/ca\/\",\"name\":\"El Mundo de los ASI\",\"description\":\"Asociaci\u00f3n contra el Abuso Sexual Infantil\",\"publisher\":{\"@id\":\"https:\/\/www.elmundodelosasi.org\/ca\/#organization\"},\"potentialAction\":[{\"@type\":\"SearchAction\",\"target\":{\"@type\":\"EntryPoint\",\"urlTemplate\":\"https:\/\/www.elmundodelosasi.org\/ca\/?s={search_term_string}\"},\"query-input\":\"required name=search_term_string\"}],\"inLanguage\":\"ca\"},{\"@type\":\"ImageObject\",\"@id\":\"https:\/\/www.elmundodelosasi.org\/ca\/audiovisual\/fuera-de-cobertura-pederastia-la-lacra-silenciada\/#primaryimage\",\"inLanguage\":\"ca\",\"url\":\"https:\/\/www.elmundodelosasi.org\/wp-content\/uploads\/2019\/08\/Sara-Berga-a-Cuatro.png\",\"contentUrl\":\"https:\/\/www.elmundodelosasi.org\/wp-content\/uploads\/2019\/08\/Sara-Berga-a-Cuatro.png\",\"width\":1590,\"height\":895},{\"@type\":\"WebPage\",\"@id\":\"https:\/\/www.elmundodelosasi.org\/ca\/audiovisual\/fuera-de-cobertura-pederastia-la-lacra-silenciada\/#webpage\",\"url\":\"https:\/\/www.elmundodelosasi.org\/ca\/audiovisual\/fuera-de-cobertura-pederastia-la-lacra-silenciada\/\",\"name\":\"Fuera de cobertura | Pederastia, la lacra silenciada | El Mundo de los ASI\",\"isPartOf\":{\"@id\":\"https:\/\/www.elmundodelosasi.org\/ca\/#website\"},\"primaryImageOfPage\":{\"@id\":\"https:\/\/www.elmundodelosasi.org\/ca\/audiovisual\/fuera-de-cobertura-pederastia-la-lacra-silenciada\/#primaryimage\"},\"datePublished\":\"2019-08-01T11:37:08+00:00\",\"dateModified\":\"2019-08-01T12:30:31+00:00\",\"breadcrumb\":{\"@id\":\"https:\/\/www.elmundodelosasi.org\/ca\/audiovisual\/fuera-de-cobertura-pederastia-la-lacra-silenciada\/#breadcrumb\"},\"inLanguage\":\"ca\",\"potentialAction\":[{\"@type\":\"ReadAction\",\"target\":[\"https:\/\/www.elmundodelosasi.org\/ca\/audiovisual\/fuera-de-cobertura-pederastia-la-lacra-silenciada\/\"]}]},{\"@type\":\"BreadcrumbList\",\"@id\":\"https:\/\/www.elmundodelosasi.org\/ca\/audiovisual\/fuera-de-cobertura-pederastia-la-lacra-silenciada\/#breadcrumb\",\"itemListElement\":[{\"@type\":\"ListItem\",\"position\":1,\"name\":\"Portada\",\"item\":\"https:\/\/www.elmundodelosasi.org\/ca\/\"},{\"@type\":\"ListItem\",\"position\":2,\"name\":\"Audiovisual\",\"item\":\"https:\/\/www.elmundodelosasi.org\/ca\/audiovisual\/\"},{\"@type\":\"ListItem\",\"position\":3,\"name\":\"Fuera de cobertura | Pederastia, la lacra silenciada\"}]}]}<\/script>\n<!-- \/ Yoast SEO Premium plugin. -->","yoast_head_json":{"title":"Fuera de cobertura | Pederastia, la lacra silenciada | El Mundo de los ASI","robots":{"index":"index","follow":"follow","max-snippet":"max-snippet:-1","max-image-preview":"max-image-preview:large","max-video-preview":"max-video-preview:-1"},"canonical":"https:\/\/www.elmundodelosasi.org\/ca\/audiovisual\/fuera-de-cobertura-pederastia-la-lacra-silenciada\/","og_locale":"ca_ES","og_type":"article","og_title":"Fuera de cobertura | Pederastia, la lacra silenciada","og_description":"Entrevista a la nostra coordinadora, supervivent i artivista, Sara Berga, on ensenya la seva obra art\u00edstica com via de sanaci\u00f3 per a superar la seva viv\u00e8ncia","og_url":"https:\/\/www.elmundodelosasi.org\/ca\/audiovisual\/fuera-de-cobertura-pederastia-la-lacra-silenciada\/","og_site_name":"El Mundo de los ASI","article_publisher":"https:\/\/www.facebook.com\/ElMundodelosASI","article_modified_time":"2019-08-01T12:30:31+00:00","og_image":[{"width":1590,"height":895,"url":"https:\/\/www.elmundodelosasi.org\/wp-content\/uploads\/2019\/08\/Sara-Berga-a-Cuatro.png","type":"image\/png"}],"twitter_card":"summary_large_image","twitter_site":"@MundodelosASI","schema":{"@context":"https:\/\/schema.org","@graph":[{"@type":"Organization","@id":"https:\/\/www.elmundodelosasi.org\/ca\/#organization","name":"Associaci\u00f3 El Mundo de los ASI","url":"https:\/\/www.elmundodelosasi.org\/ca\/","sameAs":["https:\/\/www.facebook.com\/ElMundodelosASI","https:\/\/www.instagram.com\/elmundodelosasi\/","https:\/\/www.youtube.com\/channel\/UCS9Y2NkK7MdqcAwUSTQ5I7w","https:\/\/twitter.com\/MundodelosASI"],"logo":{"@type":"ImageObject","@id":"https:\/\/www.elmundodelosasi.org\/ca\/#logo","inLanguage":"ca","url":"https:\/\/www.elmundodelosasi.org\/wp-content\/uploads\/2020\/11\/Logo-Nom-horitzontal-fons-blanc.png","contentUrl":"https:\/\/www.elmundodelosasi.org\/wp-content\/uploads\/2020\/11\/Logo-Nom-horitzontal-fons-blanc.png","width":954,"height":288,"caption":"Associaci\u00f3 El Mundo de los ASI"},"image":{"@id":"https:\/\/www.elmundodelosasi.org\/ca\/#logo"}},{"@type":"WebSite","@id":"https:\/\/www.elmundodelosasi.org\/ca\/#website","url":"https:\/\/www.elmundodelosasi.org\/ca\/","name":"El Mundo de los ASI","description":"Asociaci\u00f3n contra el Abuso Sexual Infantil","publisher":{"@id":"https:\/\/www.elmundodelosasi.org\/ca\/#organization"},"potentialAction":[{"@type":"SearchAction","target":{"@type":"EntryPoint","urlTemplate":"https:\/\/www.elmundodelosasi.org\/ca\/?s={search_term_string}"},"query-input":"required name=search_term_string"}],"inLanguage":"ca"},{"@type":"ImageObject","@id":"https:\/\/www.elmundodelosasi.org\/ca\/audiovisual\/fuera-de-cobertura-pederastia-la-lacra-silenciada\/#primaryimage","inLanguage":"ca","url":"https:\/\/www.elmundodelosasi.org\/wp-content\/uploads\/2019\/08\/Sara-Berga-a-Cuatro.png","contentUrl":"https:\/\/www.elmundodelosasi.org\/wp-content\/uploads\/2019\/08\/Sara-Berga-a-Cuatro.png","width":1590,"height":895},{"@type":"WebPage","@id":"https:\/\/www.elmundodelosasi.org\/ca\/audiovisual\/fuera-de-cobertura-pederastia-la-lacra-silenciada\/#webpage","url":"https:\/\/www.elmundodelosasi.org\/ca\/audiovisual\/fuera-de-cobertura-pederastia-la-lacra-silenciada\/","name":"Fuera de cobertura | Pederastia, la lacra silenciada | El Mundo de los ASI","isPartOf":{"@id":"https:\/\/www.elmundodelosasi.org\/ca\/#website"},"primaryImageOfPage":{"@id":"https:\/\/www.elmundodelosasi.org\/ca\/audiovisual\/fuera-de-cobertura-pederastia-la-lacra-silenciada\/#primaryimage"},"datePublished":"2019-08-01T11:37:08+00:00","dateModified":"2019-08-01T12:30:31+00:00","breadcrumb":{"@id":"https:\/\/www.elmundodelosasi.org\/ca\/audiovisual\/fuera-de-cobertura-pederastia-la-lacra-silenciada\/#breadcrumb"},"inLanguage":"ca","potentialAction":[{"@type":"ReadAction","target":["https:\/\/www.elmundodelosasi.org\/ca\/audiovisual\/fuera-de-cobertura-pederastia-la-lacra-silenciada\/"]}]},{"@type":"BreadcrumbList","@id":"https:\/\/www.elmundodelosasi.org\/ca\/audiovisual\/fuera-de-cobertura-pederastia-la-lacra-silenciada\/#breadcrumb","itemListElement":[{"@type":"ListItem","position":1,"name":"Portada","item":"https:\/\/www.elmundodelosasi.org\/ca\/"},{"@type":"ListItem","position":2,"name":"Audiovisual","item":"https:\/\/www.elmundodelosasi.org\/ca\/audiovisual\/"},{"@type":"ListItem","position":3,"name":"Fuera de cobertura | Pederastia, la lacra silenciada"}]}]}},"_links":{"self":[{"href":"https:\/\/www.elmundodelosasi.org\/ca\/wp-json\/wp\/v2\/pages\/15748"}],"collection":[{"href":"https:\/\/www.elmundodelosasi.org\/ca\/wp-json\/wp\/v2\/pages"}],"about":[{"href":"https:\/\/www.elmundodelosasi.org\/ca\/wp-json\/wp\/v2\/types\/page"}],"author":[{"embeddable":true,"href":"https:\/\/www.elmundodelosasi.org\/ca\/wp-json\/wp\/v2\/users\/15"}],"replies":[{"embeddable":true,"href":"https:\/\/www.elmundodelosasi.org\/ca\/wp-json\/wp\/v2\/comments?post=15748"}],"version-history":[{"count":5,"href":"https:\/\/www.elmundodelosasi.org\/ca\/wp-json\/wp\/v2\/pages\/15748\/revisions"}],"predecessor-version":[{"id":15774,"href":"https:\/\/www.elmundodelosasi.org\/ca\/wp-json\/wp\/v2\/pages\/15748\/revisions\/15774"}],"up":[{"embeddable":true,"href":"https:\/\/www.elmundodelosasi.org\/ca\/wp-json\/wp\/v2\/pages\/15324"}],"wp:featuredmedia":[{"embeddable":true,"href":"https:\/\/www.elmundodelosasi.org\/ca\/wp-json\/wp\/v2\/media\/15746"}],"wp:attachment":[{"href":"https:\/\/www.elmundodelosasi.org\/ca\/wp-json\/wp\/v2\/media?parent=15748"}],"curies":[{"name":"wp","href":"https:\/\/api.w.org\/{rel}","templated":true}]}}